{"id":10004,"date":"2026-03-06T16:43:36","date_gmt":"2026-03-06T21:43:36","guid":{"rendered":"https:\/\/www.verreaudufresneavocats.com\/?post_type=jobs&#038;p=10004"},"modified":"2026-03-30T15:31:59","modified_gmt":"2026-03-30T19:31:59","slug":"avocat-litige-civil-commercial","status":"publish","type":"jobs","link":"https:\/\/www.verreaudufresneavocats.com\/en\/postes\/avocat-litige-civil-commercial\/","title":{"rendered":"Avocat\u00b7e en litige civil et commercial"},"content":{"rendered":"\n<h3 class=\"wp-block-heading\" id=\"h-ta-mission\">Ta mission<\/h3>\n\n\n\n<p>Le poste offert s\u2019adresse \u00e0 un\u00b7e avocat\u00b7e initi\u00e9\u00b7e aux tribunaux et qui souhaiterait contribuer au d\u00e9veloppement de la division de litige civil et commercial du cabinet.<\/p>\n\n\n\n<p>\u00c0 ce titre, tes principales responsabilit\u00e9s seront de :<\/p>\n\n\n\n<ul class=\"wp-block-list\">\n<li><strong>Piloter tes propres dossiers (avec tes propres clients)<\/strong> en mati\u00e8re de litige civil et commercial, dans les sous-domaines juridiques de ton choix (recouvrement, assurances, immobilier, construction, responsabilit\u00e9 civile et professionnelle, successions, droit bancaire\/hypoth\u00e9caire, pr\u00e9judice corporel, droit des personnes, consommation, logement et plusieurs autres);<\/li>\n\n\n\n<li><strong>Assister les autres avocat\u00b7es<\/strong> de notre division de litige civil et commercial dans l&#8217;analyse et la pr\u00e9paration de dossiers complexes;<\/li>\n\n\n\n<li><strong>Repr\u00e9senter <\/strong>une client\u00e8le compos\u00e9e de <strong>particuliers <\/strong>et de <strong>PME<\/strong> devant les <strong>instances judiciaires<\/strong>;<\/li>\n\n\n\n<li>\u00c9laborer des strat\u00e9gies orient\u00e9es vers les <strong>modes alternatifs de r\u00e8glement des conflits<\/strong>, lorsque possible;<\/li>\n<\/ul>\n\n\n\n<h3 class=\"wp-block-heading\" id=\"h-notre-collegue-ideal-e\">Notre coll\u00e8gue id\u00e9al\u00b7e<\/h3>\n\n\n\n<p class=\"p1\">Notre coll\u00e8gue id\u00e9al\u00b7e est une personne passionn\u00e9e par la communication et la plaidoirie. Ax\u00e9e sur la productivit\u00e9, elle ne compromet jamais la qualit\u00e9 de ses services professionnels. Elle adh\u00e8re aux valeurs de cr\u00e9ativit\u00e9 et d\u2019excellence. Avec un esprit entrepreneurial, elle fait preuve de d\u00e9termination et d\u2019audace. Elle sait g\u00e9rer la pression et r\u00e9pondre aux attentes \u00e9lev\u00e9es de sa client\u00e8le.<\/p>\n\n\n\n<p class=\"p1\">\u00c9galement, notre coll\u00e8gue id\u00e9al :<\/p>\n\n\n\n<ul class=\"wp-block-list\">\n<li>D\u00e9tient un baccalaur\u00e9at en droit;<\/li>\n\n\n\n<li>Est membre du Barreau du Qu\u00e9bec;<\/li>\n\n\n\n<li>D\u00e9tient de <strong>3 \u00e0 10 ans d\u2019exp\u00e9rience en litige civil et\/ou commercial<\/strong> et est initi\u00e9\u00b7e en mati\u00e8re de <strong>repr\u00e9sentation devant les tribunaux<\/strong>.<\/li>\n<\/ul>\n\n\n\n<h3 class=\"wp-block-heading\" id=\"remuneration\">Ta r\u00e9mun\u00e9ration<\/h3>\n\n\n\n<p>En plus des nombreux autres avantages list\u00e9s ci-dessous, tu b\u00e9n\u00e9ficieras, en fonction de ton exp\u00e9rience et de tes comp\u00e9tences :<\/p>\n\n\n\n<ul class=\"wp-block-list\">\n<li>D\u2019un salaire de base annuel de <strong>91&nbsp;000&nbsp;\u00e0 138&nbsp;000&nbsp;$&nbsp;*<\/strong>.\n<ul class=\"wp-block-list\">\n<li><strong>*<\/strong> Bas\u00e9 sur un <strong>objectif annuel de facturation de 1 300 \u00e0 1 450 heures<\/strong>;<\/li>\n\n\n\n<li><strong>*<\/strong> Une <strong>r\u00e9mun\u00e9ration plus \u00e9lev\u00e9e<\/strong> pourrait \u00eatre envisag\u00e9e si ton profil d\u00e9passe les exigences du poste ou si tu d\u00e9sires t&#8217;investir davantage et viser un objectif de facturation plus \u00e9lev\u00e9. Nous valorisons l\u2019excellence et offrons des conditions ajust\u00e9es \u00e0 l\u2019ambition de chacun\u00b7e.<\/li>\n<\/ul>\n<\/li>\n\n\n\n<li>D&#8217;une <strong>prime de rendement<\/strong> non-discr\u00e9tionnaire de 35% (voir d\u00e9tails ci-dessous).<\/li>\n<\/ul>\n\n\n\n<p>Continue ta lecture pour d\u00e9couvrir tous nos <strong>autres avantages, incluant REER, assurance collective, formation continue<\/strong> et encore plus! \u2b07\ufe0f<\/p>\n\n\n\n<p><\/p>\n","protected":false},"excerpt":{"rendered":"<p>Ta mission Le poste offert s\u2019adresse \u00e0 un\u00b7e avocat\u00b7e initi\u00e9\u00b7e aux tribunaux et qui souhaiterait contribuer au d\u00e9veloppement de la division de litige civil et commercial du cabinet. \u00c0 ce titre, tes principales responsabilit\u00e9s seront de : Notre coll\u00e8gue id\u00e9al\u00b7e Notre coll\u00e8gue id\u00e9al\u00b7e est une personne passionn\u00e9e par la communication et la plaidoirie. Ax\u00e9e sur<a class=\"excerpt-read-more\" href=\"https:\/\/www.verreaudufresneavocats.com\/en\/postes\/avocat-litige-civil-commercial\/\" title=\"ReadAvocat\u00b7e en litige civil et commercial\">&#8230; Read more &raquo;<\/a><\/p>\n","protected":false},"author":7,"parent":0,"template":"","jobtype":[72],"statut":[29],"bureau":[30],"class_list":["post-10004","jobs","type-jobs","status-publish","hentry","jobtype-avocats","statut-permanent","bureau-levis"],"acf":[],"yoast_head":"<!-- This site is optimized with the Yoast SEO Premium plugin v27.3 (Yoast SEO v27.5) - https:\/\/yoast.com\/product\/yoast-seo-premium-wordpress\/ -->\n<title>Offre d&#039;emploi &#8226; Avocat\u00b7e en litige civil et commercial - 3 \u00e0 10 ans &#8226; Verreau Dufresne Avocats<\/title>\n<meta name=\"description\" content=\"R\u00e9alisez avec nous vos objectifs de carri\u00e8re. Joignez-vous \u00e0 un cabinet moderne, ambitieux et en pleine expansion!\" \/>\n<meta name=\"robots\" content=\"index, follow, max-snippet:-1, max-image-preview:large, max-video-preview:-1\" \/>\n<link rel=\"canonical\" href=\"https:\/\/www.verreaudufresneavocats.com\/en\/postes\/avocat-litige-civil-commercial\/\" \/>\n<meta property=\"og:locale\" content=\"en_US\" \/>\n<meta property=\"og:type\" content=\"article\" \/>\n<meta property=\"og:title\" content=\"Offre d&#039;emploi &#8226; Avocat\u00b7e en litige civil et commercial - 3 \u00e0 10 ans &#8226; Verreau Dufresne Avocats\" \/>\n<meta property=\"og:description\" content=\"R\u00e9alisez avec nous vos objectifs de carri\u00e8re. Joignez-vous \u00e0 un cabinet moderne, ambitieux et en pleine expansion!\" \/>\n<meta property=\"og:url\" content=\"https:\/\/www.verreaudufresneavocats.com\/en\/postes\/avocat-litige-civil-commercial\/\" \/>\n<meta property=\"og:site_name\" content=\"Verreau Dufresne Avocats\" \/>\n<meta property=\"article:publisher\" content=\"https:\/\/www.facebook.com\/verreaudufresneavocats\/\" \/>\n<meta property=\"article:modified_time\" content=\"2026-03-30T19:31:59+00:00\" \/>\n<meta property=\"og:image\" content=\"https:\/\/www.verreaudufresneavocats.com\/wp-content\/uploads\/2025\/07\/Thumbnail-avocat-civil.png\" \/>\n\t<meta property=\"og:image:width\" content=\"1200\" \/>\n\t<meta property=\"og:image:height\" content=\"630\" \/>\n\t<meta property=\"og:image:type\" content=\"image\/png\" \/>\n<meta name=\"twitter:card\" content=\"summary_large_image\" \/>\n<meta name=\"twitter:title\" content=\"Offre d&#039;emploi &#8226; Avocat\u00b7e en litige civil et commercial &#8226; Verreau Dufresne Avocats\" \/>\n<meta name=\"twitter:description\" content=\"R\u00e9alisez avec nous vos objectifs de carri\u00e8re. Joignez-vous \u00e0 un cabinet moderne, ambitieux et en pleine expansion!\" \/>\n<meta name=\"twitter:image\" content=\"https:\/\/www.verreaudufresneavocats.com\/wp-content\/uploads\/2021\/03\/Carri\u00e8re.jpg\" \/>\n<meta name=\"twitter:site\" content=\"@VerreauDufresne\" \/>\n<meta name=\"twitter:label1\" content=\"Est. reading time\" \/>\n\t<meta name=\"twitter:data1\" content=\"2 minutes\" \/>\n<script type=\"application\/ld+json\" class=\"yoast-schema-graph\">{\"@context\":\"https:\\\/\\\/schema.org\",\"@graph\":[{\"@type\":\"WebPage\",\"@id\":\"https:\\\/\\\/www.verreaudufresneavocats.com\\\/en\\\/postes\\\/avocat-litige-civil-commercial\\\/\",\"url\":\"https:\\\/\\\/www.verreaudufresneavocats.com\\\/en\\\/postes\\\/avocat-litige-civil-commercial\\\/\",\"name\":\"Offre d'emploi &#8226; Avocat\u00b7e en litige civil et commercial - 3 \u00e0 10 ans &#8226; Verreau Dufresne Avocats\",\"isPartOf\":{\"@id\":\"https:\\\/\\\/www.verreaudufresneavocats.com\\\/en\\\/#website\"},\"datePublished\":\"2026-03-06T21:43:36+00:00\",\"dateModified\":\"2026-03-30T19:31:59+00:00\",\"description\":\"R\u00e9alisez avec nous vos objectifs de carri\u00e8re. Joignez-vous \u00e0 un cabinet moderne, ambitieux et en pleine expansion!\",\"breadcrumb\":{\"@id\":\"https:\\\/\\\/www.verreaudufresneavocats.com\\\/en\\\/postes\\\/avocat-litige-civil-commercial\\\/#breadcrumb\"},\"inLanguage\":\"en-US\",\"potentialAction\":[{\"@type\":\"ReadAction\",\"target\":[\"https:\\\/\\\/www.verreaudufresneavocats.com\\\/en\\\/postes\\\/avocat-litige-civil-commercial\\\/\"]}]},{\"@type\":\"BreadcrumbList\",\"@id\":\"https:\\\/\\\/www.verreaudufresneavocats.com\\\/en\\\/postes\\\/avocat-litige-civil-commercial\\\/#breadcrumb\",\"itemListElement\":[{\"@type\":\"ListItem\",\"position\":1,\"name\":\"Accueil\",\"item\":\"https:\\\/\\\/www.verreaudufresneavocats.com\\\/en\\\/\"},{\"@type\":\"ListItem\",\"position\":2,\"name\":\"Postes\",\"item\":\"https:\\\/\\\/www.verreaudufresneavocats.com\\\/en\\\/postes\\\/\"},{\"@type\":\"ListItem\",\"position\":3,\"name\":\"Avocat\u00b7e en litige civil et commercial\"}]},{\"@type\":\"WebSite\",\"@id\":\"https:\\\/\\\/www.verreaudufresneavocats.com\\\/en\\\/#website\",\"url\":\"https:\\\/\\\/www.verreaudufresneavocats.com\\\/en\\\/\",\"name\":\"Verreau Dufresne Avocats\",\"description\":\"Qu\u00e9bec, L\u00e9vis et Montmagny\",\"publisher\":{\"@id\":\"https:\\\/\\\/www.verreaudufresneavocats.com\\\/en\\\/#organization\"},\"potentialAction\":[{\"@type\":\"SearchAction\",\"target\":{\"@type\":\"EntryPoint\",\"urlTemplate\":\"https:\\\/\\\/www.verreaudufresneavocats.com\\\/en\\\/?s={search_term_string}\"},\"query-input\":{\"@type\":\"PropertyValueSpecification\",\"valueRequired\":true,\"valueName\":\"search_term_string\"}}],\"inLanguage\":\"en-US\"},{\"@type\":\"Organization\",\"@id\":\"https:\\\/\\\/www.verreaudufresneavocats.com\\\/en\\\/#organization\",\"name\":\"Verreau Dufresne Avocats\",\"url\":\"https:\\\/\\\/www.verreaudufresneavocats.com\\\/en\\\/\",\"logo\":{\"@type\":\"ImageObject\",\"inLanguage\":\"en-US\",\"@id\":\"https:\\\/\\\/www.verreaudufresneavocats.com\\\/en\\\/#\\\/schema\\\/logo\\\/image\\\/\",\"url\":\"https:\\\/\\\/www.verreaudufresneavocats.com\\\/wp-content\\\/uploads\\\/2025\\\/07\\\/VDA_Logo_2025_2.svg\",\"contentUrl\":\"https:\\\/\\\/www.verreaudufresneavocats.com\\\/wp-content\\\/uploads\\\/2025\\\/07\\\/VDA_Logo_2025_2.svg\",\"caption\":\"Verreau Dufresne Avocats\"},\"image\":{\"@id\":\"https:\\\/\\\/www.verreaudufresneavocats.com\\\/en\\\/#\\\/schema\\\/logo\\\/image\\\/\"},\"sameAs\":[\"https:\\\/\\\/www.facebook.com\\\/verreaudufresneavocats\\\/\",\"https:\\\/\\\/x.com\\\/VerreauDufresne\",\"https:\\\/\\\/www.linkedin.com\\\/company\\\/3542179\\\/\",\"https:\\\/\\\/www.instagram.com\\\/verreaudufresne_avocats\\\/\"]}]}<\/script>\n<!-- \/ Yoast SEO Premium plugin. -->","yoast_head_json":{"title":"Offre d'emploi &#8226; Avocat\u00b7e en litige civil et commercial - 3 \u00e0 10 ans &#8226; Verreau Dufresne Avocats","description":"R\u00e9alisez avec nous vos objectifs de carri\u00e8re. Joignez-vous \u00e0 un cabinet moderne, ambitieux et en pleine expansion!","robots":{"index":"index","follow":"follow","max-snippet":"max-snippet:-1","max-image-preview":"max-image-preview:large","max-video-preview":"max-video-preview:-1"},"canonical":"https:\/\/www.verreaudufresneavocats.com\/en\/postes\/avocat-litige-civil-commercial\/","og_locale":"en_US","og_type":"article","og_title":"Offre d'emploi &#8226; Avocat\u00b7e en litige civil et commercial - 3 \u00e0 10 ans &#8226; Verreau Dufresne Avocats","og_description":"R\u00e9alisez avec nous vos objectifs de carri\u00e8re. Joignez-vous \u00e0 un cabinet moderne, ambitieux et en pleine expansion!","og_url":"https:\/\/www.verreaudufresneavocats.com\/en\/postes\/avocat-litige-civil-commercial\/","og_site_name":"Verreau Dufresne Avocats","article_publisher":"https:\/\/www.facebook.com\/verreaudufresneavocats\/","article_modified_time":"2026-03-30T19:31:59+00:00","og_image":[{"width":1200,"height":630,"url":"https:\/\/www.verreaudufresneavocats.com\/wp-content\/uploads\/2025\/07\/Thumbnail-avocat-civil.png","type":"image\/png"}],"twitter_card":"summary_large_image","twitter_title":"Offre d'emploi &#8226; Avocat\u00b7e en litige civil et commercial &#8226; Verreau Dufresne Avocats","twitter_description":"R\u00e9alisez avec nous vos objectifs de carri\u00e8re. Joignez-vous \u00e0 un cabinet moderne, ambitieux et en pleine expansion!","twitter_image":"https:\/\/www.verreaudufresneavocats.com\/wp-content\/uploads\/2021\/03\/Carri\u00e8re.jpg","twitter_site":"@VerreauDufresne","twitter_misc":{"Est. reading time":"2 minutes"},"schema":{"@context":"https:\/\/schema.org","@graph":[{"@type":"WebPage","@id":"https:\/\/www.verreaudufresneavocats.com\/en\/postes\/avocat-litige-civil-commercial\/","url":"https:\/\/www.verreaudufresneavocats.com\/en\/postes\/avocat-litige-civil-commercial\/","name":"Offre d'emploi &#8226; Avocat\u00b7e en litige civil et commercial - 3 \u00e0 10 ans &#8226; Verreau Dufresne Avocats","isPartOf":{"@id":"https:\/\/www.verreaudufresneavocats.com\/en\/#website"},"datePublished":"2026-03-06T21:43:36+00:00","dateModified":"2026-03-30T19:31:59+00:00","description":"R\u00e9alisez avec nous vos objectifs de carri\u00e8re. Joignez-vous \u00e0 un cabinet moderne, ambitieux et en pleine expansion!","breadcrumb":{"@id":"https:\/\/www.verreaudufresneavocats.com\/en\/postes\/avocat-litige-civil-commercial\/#breadcrumb"},"inLanguage":"en-US","potentialAction":[{"@type":"ReadAction","target":["https:\/\/www.verreaudufresneavocats.com\/en\/postes\/avocat-litige-civil-commercial\/"]}]},{"@type":"BreadcrumbList","@id":"https:\/\/www.verreaudufresneavocats.com\/en\/postes\/avocat-litige-civil-commercial\/#breadcrumb","itemListElement":[{"@type":"ListItem","position":1,"name":"Accueil","item":"https:\/\/www.verreaudufresneavocats.com\/en\/"},{"@type":"ListItem","position":2,"name":"Postes","item":"https:\/\/www.verreaudufresneavocats.com\/en\/postes\/"},{"@type":"ListItem","position":3,"name":"Avocat\u00b7e en litige civil et commercial"}]},{"@type":"WebSite","@id":"https:\/\/www.verreaudufresneavocats.com\/en\/#website","url":"https:\/\/www.verreaudufresneavocats.com\/en\/","name":"Verreau Dufresne Avocats","description":"Qu\u00e9bec, L\u00e9vis et Montmagny","publisher":{"@id":"https:\/\/www.verreaudufresneavocats.com\/en\/#organization"},"potentialAction":[{"@type":"SearchAction","target":{"@type":"EntryPoint","urlTemplate":"https:\/\/www.verreaudufresneavocats.com\/en\/?s={search_term_string}"},"query-input":{"@type":"PropertyValueSpecification","valueRequired":true,"valueName":"search_term_string"}}],"inLanguage":"en-US"},{"@type":"Organization","@id":"https:\/\/www.verreaudufresneavocats.com\/en\/#organization","name":"Verreau Dufresne Avocats","url":"https:\/\/www.verreaudufresneavocats.com\/en\/","logo":{"@type":"ImageObject","inLanguage":"en-US","@id":"https:\/\/www.verreaudufresneavocats.com\/en\/#\/schema\/logo\/image\/","url":"https:\/\/www.verreaudufresneavocats.com\/wp-content\/uploads\/2025\/07\/VDA_Logo_2025_2.svg","contentUrl":"https:\/\/www.verreaudufresneavocats.com\/wp-content\/uploads\/2025\/07\/VDA_Logo_2025_2.svg","caption":"Verreau Dufresne Avocats"},"image":{"@id":"https:\/\/www.verreaudufresneavocats.com\/en\/#\/schema\/logo\/image\/"},"sameAs":["https:\/\/www.facebook.com\/verreaudufresneavocats\/","https:\/\/x.com\/VerreauDufresne","https:\/\/www.linkedin.com\/company\/3542179\/","https:\/\/www.instagram.com\/verreaudufresne_avocats\/"]}]}},"featured_img":false,"coauthors":[],"author_meta":{"author_link":"https:\/\/www.verreaudufresneavocats.com\/en\/equipe\/verreau-dufresne-avocats\/","display_name":"Verreau Dufresne Avocats"},"relative_dates":{"created":"Posted 2 months ago","modified":"Updated 1 month ago"},"absolute_dates":{"created":"Posted on 6 March 2026","modified":"Updated on 30 March 2026"},"absolute_dates_time":{"created":"Posted on 6 March 2026 16:43","modified":"Updated on 30 March 2026 15:31"},"featured_img_caption":"","tax_additional":{"jobtype":{"linked":["<a href=\"https:\/\/www.verreaudufresneavocats.com\/en\/jobtype\/avocats\/\" class=\"advgb-post-tax-term\">Avocats<\/a>"],"unlinked":["<span class=\"advgb-post-tax-term\">Avocats<\/span>"],"slug":"jobtype","name":"Types"},"statut":{"linked":["<a href=\"https:\/\/www.verreaudufresneavocats.com\/en\/statut\/permanent\/\" class=\"advgb-post-tax-term\">Permanent<\/a>"],"unlinked":["<span class=\"advgb-post-tax-term\">Permanent<\/span>"],"slug":"statut","name":"Statuts"},"bureau":{"linked":["<a href=\"https:\/\/www.verreaudufresneavocats.com\/en\/bureau\/levis\/\" class=\"advgb-post-tax-term\">L\u00e9vis<\/a>"],"unlinked":["<span class=\"advgb-post-tax-term\">L\u00e9vis<\/span>"],"slug":"bureau","name":"Bureaux"}},"series_order":"","_links":{"self":[{"href":"https:\/\/www.verreaudufresneavocats.com\/en\/wp-json\/wp\/v2\/jobs\/10004","targetHints":{"allow":["GET"]}}],"collection":[{"href":"https:\/\/www.verreaudufresneavocats.com\/en\/wp-json\/wp\/v2\/jobs"}],"about":[{"href":"https:\/\/www.verreaudufresneavocats.com\/en\/wp-json\/wp\/v2\/types\/jobs"}],"wp:attachment":[{"href":"https:\/\/www.verreaudufresneavocats.com\/en\/wp-json\/wp\/v2\/media?parent=10004"}],"wp:term":[{"taxonomy":"jobtype","embeddable":true,"href":"https:\/\/www.verreaudufresneavocats.com\/en\/wp-json\/wp\/v2\/jobtype?post=10004"},{"taxonomy":"statut","embeddable":true,"href":"https:\/\/www.verreaudufresneavocats.com\/en\/wp-json\/wp\/v2\/statut?post=10004"},{"taxonomy":"bureau","embeddable":true,"href":"https:\/\/www.verreaudufresneavocats.com\/en\/wp-json\/wp\/v2\/bureau?post=10004"}],"curies":[{"name":"wp","href":"https:\/\/api.w.org\/{rel}","templated":true}]}}