{"id":11280,"date":"2025-08-01T12:58:51","date_gmt":"2025-08-01T16:58:51","guid":{"rendered":"https:\/\/www.verreaudufresneavocats.com\/?post_type=jobs&#038;p=11280"},"modified":"2026-03-03T10:27:30","modified_gmt":"2026-03-03T15:27:30","slug":"avocat-directeur-litige-civil-et-commercial","status":"publish","type":"jobs","link":"https:\/\/www.verreaudufresneavocats.com\/en\/postes\/avocat-directeur-litige-civil-et-commercial\/","title":{"rendered":"Avocat\u00b7e directeur\u00b7rice litige civil et commercial"},"content":{"rendered":"\n<h3 class=\"wp-block-heading\" id=\"h-deviens-l-architecte-de-notre-succes\">Deviens l\u2019architecte de notre succ\u00e8s.<\/h3>\n\n\n\n<p>Ce poste s\u2019adresse \u00e0 un\u00b7e <strong>avocat\u00b7e chevronn\u00e9\u00b7e (15 \u00e0 20 ans d\u2019exp\u00e9rience) pr\u00eat\u00b7e \u00e0 prendre les r\u00eanes de notre d\u00e9partement de litige civil et commercial<\/strong>.<\/p>\n\n\n\n<p>\u00c0 la t\u00eate d\u2019une \u00e9quipe en croissance actuellement compos\u00e9e de 6 \u00e0 7 avocat\u00b7es, 3 techniciennes juridiques et 1 adjointe, ton r\u00f4le ne se limitera pas \u00e0 l&#8217;op\u00e9rationnel : <strong>tu b\u00e2tiras l&#8217;avenir du d\u00e9partement<\/strong>.<\/p>\n\n\n\n<p>En plus de poursuivre ta pratique juridique, tu occuperas un r\u00f4le-cl\u00e9 dans la structuration du d\u00e9partement : gestion des <strong>op\u00e9rations<\/strong>, \u00e9volution des <strong>pratiques<\/strong>, renforcement des <strong>standards<\/strong>, d\u00e9veloppement de la <strong>culture d\u2019\u00e9quipe<\/strong>, encadrement des <strong>talents <\/strong>et gestion de la <strong>croissance<\/strong>.<\/p>\n\n\n\n<p>Tu travailleras en collaboration avec la haute direction afin de fa\u00e7onner ton environnement de travail, implanter ta vision et contribuer directement au rayonnement du cabinet.<\/p>\n\n\n\n<p>Pour toute question, communique en toute confidentialit\u00e9 avec Me Alexandre Dufresne, pr\u00e9sident-directeur g\u00e9n\u00e9ral du cabinet : <\/p>\n\n\n\n<ul class=\"wp-block-list\">\n<li>Par courriel : <a href=\"mailto:ad@verreaudufresne.com\" type=\"mailto\" id=\"mailto:ad@verreaudufresne.com\">ad@verreaudufresne.com<\/a><\/li>\n\n\n\n<li><a href=\"https:\/\/www.linkedin.com\/in\/alexandre-dufresne-avocat\/\" target=\"_blank\" rel=\"noreferrer noopener\">Via Linkedin<\/a><\/li>\n<\/ul>\n\n\n\n<h3 class=\"wp-block-heading\" id=\"h-tes-responsabilites\">Tes responsabilit\u00e9s<\/h3>\n\n\n\n<p>\u00c0 ce titre, tes principales responsabilit\u00e9s seront :&nbsp;<\/p>\n\n\n\n<h4 class=\"wp-block-heading\" id=\"h-volet-1-pratique-juridique-nbsp\"><strong>Volet 1 : Pratique juridique<\/strong>&nbsp;<\/h4>\n\n\n\n<ul class=\"wp-block-list\">\n<li>Prendre en charge des dossiers en litige civil et commercial, dans les sous-domaines de droit correspondant \u00e0 tes champs d\u2019expertise;&nbsp;<\/li>\n<\/ul>\n\n\n\n<ul class=\"wp-block-list\">\n<li>Repr\u00e9senter une client\u00e8le compos\u00e9e de particuliers et de PME devant les instances judiciaires;&nbsp;<\/li>\n<\/ul>\n\n\n\n<ul class=\"wp-block-list\">\n<li>Superviser le travail des avocat\u00b7es, technicien\u00b7nes juridiques et adjoint\u00b7es juridiques de ton d\u00e9partement;&nbsp;<\/li>\n<\/ul>\n\n\n\n<h4 class=\"wp-block-heading\" id=\"h-volet-2-gestion-du-departement-nbsp\"><strong>Volet 2 : Gestion du d\u00e9partement<\/strong>&nbsp;<\/h4>\n\n\n\n<h4 class=\"wp-block-heading\" id=\"h-a-operations-nbsp\">a) <strong>Op\u00e9rations<\/strong>&nbsp;<\/h4>\n\n\n\n<ul class=\"wp-block-list\">\n<li>Veiller \u00e0 la qualit\u00e9 des services juridiques;&nbsp;<\/li>\n<\/ul>\n\n\n\n<ul class=\"wp-block-list\">\n<li>Offrir du coaching individuel aux membres du d\u00e9partement dans les dossiers-clients;&nbsp;<\/li>\n<\/ul>\n\n\n\n<ul class=\"wp-block-list\">\n<li>R\u00e9partir les charges de travail au sein du d\u00e9partement;&nbsp;<\/li>\n<\/ul>\n\n\n\n<h4 class=\"wp-block-heading\" id=\"h-b-gouvernance-nbsp\">b) <strong>Gouvernance<\/strong>&nbsp;<\/h4>\n\n\n\n<ul class=\"wp-block-list\">\n<li>Porter la voix de ton d\u00e9partement dans les projets d\u2019entreprise;&nbsp;<\/li>\n<\/ul>\n\n\n\n<ul class=\"wp-block-list\">\n<li>Participer aux comit\u00e9s de direction, en collaboration avec la haute direction et les responsables des autres d\u00e9partements (suivi des objectifs, de la performance et des projets d\u2019entreprise);&nbsp;<\/li>\n<\/ul>\n\n\n\n<ul class=\"wp-block-list\">\n<li>\u00c9tablir et mettre \u00e0 jour les politiques, processus et outils du d\u00e9partement;&nbsp;<\/li>\n<\/ul>\n\n\n\n<h4 class=\"wp-block-heading\" id=\"h-c-ressources-humaines-nbsp\">c) <strong>Ressources humaines<\/strong>&nbsp;<\/h4>\n\n\n\n<ul class=\"wp-block-list\">\n<li>Participer au recrutement, \u00e0 l\u2019embauche et \u00e0 l\u2019int\u00e9gration des membres de ton \u00e9quipe;&nbsp;<\/li>\n<\/ul>\n\n\n\n<ul class=\"wp-block-list\">\n<li>Soutenir le d\u00e9veloppement professionnel des membres de ton \u00e9quipe : identifier les besoins, fixer des objectifs, d\u00e9velopper l\u2019offre de formation du cabinet et g\u00e9rer les budgets de formation;&nbsp;<\/li>\n<\/ul>\n\n\n\n<ul class=\"wp-block-list\">\n<li>Mener les \u00e9valuations de performance des membres de ton \u00e9quipe;&nbsp;<\/li>\n<\/ul>\n\n\n\n<ul class=\"wp-block-list\">\n<li>Cr\u00e9er un climat de travail sain, mobilisant et collaboratif;&nbsp;<\/li>\n<\/ul>\n\n\n\n<ul class=\"wp-block-list\">\n<li>G\u00e9rer les absences, vacances et remplacements;&nbsp;<\/li>\n<\/ul>\n\n\n\n<ul class=\"wp-block-list\">\n<li>Souligner les bons coups et favoriser la reconnaissance;&nbsp;<\/li>\n<\/ul>\n\n\n\n<h4 class=\"wp-block-heading\" id=\"h-d-facturation-et-finances-nbsp\">d) <strong>Facturation et finances<\/strong>&nbsp;<\/h4>\n\n\n\n<ul class=\"wp-block-list\">\n<li>Assurer l\u2019atteinte des objectifs de facturation du d\u00e9partement;&nbsp;<\/li>\n<\/ul>\n\n\n\n<ul class=\"wp-block-list\">\n<li>Assurer la saine gestion financi\u00e8re des dossiers-clients;&nbsp;<\/li>\n<\/ul>\n\n\n\n<ul class=\"wp-block-list\">\n<li>Participer \u00e0 la r\u00e9vision des factures-clients;&nbsp;<\/li>\n<\/ul>\n\n\n\n<ul class=\"wp-block-list\">\n<li>G\u00e9rer les ajustements d\u2019honoraires et intervenir dans les situations n\u00e9cessitant une attention particuli\u00e8re;&nbsp;<\/li>\n<\/ul>\n\n\n\n<ul class=\"wp-block-list\">\n<li>Autoriser les ententes de paiement avec les clients;&nbsp;<\/li>\n<\/ul>\n\n\n\n<h4 class=\"wp-block-heading\" id=\"h-e-conformite\">e) <strong>Conformit\u00e9<\/strong><\/h4>\n\n\n\n<ul class=\"wp-block-list\">\n<li>Prendre part aux d\u00e9cisions en cas de conflits d\u2019int\u00e9r\u00eats;&nbsp;<\/li>\n<\/ul>\n\n\n\n<ul class=\"wp-block-list\">\n<li>Superviser les inspections professionnelles;&nbsp;<\/li>\n<\/ul>\n\n\n\n<ul class=\"wp-block-list\">\n<li>G\u00e9rer les situations impliquant des enjeux d\u00e9ontologiques ou de responsabilit\u00e9 professionnelle;&nbsp;<\/li>\n<\/ul>\n\n\n\n<h4 class=\"wp-block-heading\" id=\"h-f-developpement-des-affaires-nbsp\">f) <strong>D\u00e9veloppement des affaires<\/strong>&nbsp;<\/h4>\n\n\n\n<ul class=\"wp-block-list\">\n<li>Soutenir les initiatives visant \u00e0 am\u00e9liorer l\u2019exp\u00e9rience-client;&nbsp;<\/li>\n<\/ul>\n\n\n\n<ul class=\"wp-block-list\">\n<li>Identifier de nouvelles opportunit\u00e9s de march\u00e9s ou de client\u00e8les;&nbsp;<\/li>\n<\/ul>\n\n\n\n<h3 class=\"wp-block-heading\" id=\"h-notre-collegue-ideal-e-nbsp\">Notre coll\u00e8gue id\u00e9al\u00b7e&nbsp;<\/h3>\n\n\n\n<p>Notre coll\u00e8gue id\u00e9al\u00b7e se distingue par son leadership mobilisateur, son jugement professionnel et sa capacit\u00e9 \u00e0 prendre des d\u00e9cisions \u00e9clair\u00e9es, m\u00eame sous pression.&nbsp;<\/p>\n\n\n\n<p>Orient\u00e9\u00b7e vers l\u2019action et les r\u00e9sultats, il ou elle valorise l\u2019excellence, tout en misant sur l\u2019intelligence collective et la qualit\u00e9 des relations humaines. Structur\u00e9\u00b7e, audacieux\u00b7se et anim\u00e9\u00b7e par un esprit entrepreneurial, cette personne \u00e9l\u00e8ve son \u00e9quipe vers les plus hauts standards.&nbsp;<\/p>\n\n\n\n<p>\u00c9galement, notre coll\u00e8gue id\u00e9al\u00b7e :&nbsp;<\/p>\n\n\n\n<ul class=\"wp-block-list\">\n<li>D\u00e9tient un baccalaur\u00e9at en droit;&nbsp;<\/li>\n<\/ul>\n\n\n\n<ul class=\"wp-block-list\">\n<li>Est membre du Barreau du Qu\u00e9bec;&nbsp;<\/li>\n<\/ul>\n\n\n\n<ul class=\"wp-block-list\">\n<li>D\u00e9tient de<strong> 15 \u00e0 20 ans d\u2019exp\u00e9rience<\/strong> en litige civil et\/ou commercial;&nbsp;<\/li>\n<\/ul>\n\n\n\n<ul class=\"wp-block-list\">\n<li>Poss\u00e8de une <strong>solide r\u00e9putation<\/strong> \u00e0 titre d\u2019avocat\u00b7e-plaideur\u00b7euse;&nbsp;<\/li>\n<\/ul>\n\n\n\n<ul class=\"wp-block-list\">\n<li>Poss\u00e8de une <strong>client\u00e8le active<\/strong> \u00e0 titre d\u2019avocat\u00b7e en litige civil et commercial ou autre domaine connexe;&nbsp;<\/li>\n<\/ul>\n\n\n\n<ul class=\"wp-block-list\">\n<li>Poss\u00e8de des <strong>aptitudes de d\u00e9l\u00e9gation<\/strong> et est en mesure de superviser le travail d\u2019avocat\u00b7es, parajuristes et adjoint\u00b7es juridiques;&nbsp;<\/li>\n<\/ul>\n\n\n\n<ul class=\"wp-block-list\">\n<li>D\u00e9tient de l\u2019exp\u00e9rience en <strong>gestion d\u2019\u00e9quipe<\/strong> (un atout).<\/li>\n<\/ul>\n\n\n\n<h3 class=\"wp-block-heading\" id=\"remuneration\">Ta r\u00e9mun\u00e9ration<\/h3>\n\n\n\n<p>En plus des nombreux autres avantages list\u00e9s ci-dessous, tu b\u00e9n\u00e9ficieras, en fonction de ton exp\u00e9rience et de tes comp\u00e9tences, d\u2019un salaire de base annuel de <strong>200&nbsp;000&nbsp;\u00e0 220&nbsp;000&nbsp;$&nbsp;<\/strong>. <\/p>\n\n\n\n<p>Continue ta lecture pour d\u00e9couvrir tous nos <strong>autres avantages, incluant REER, assurance collective, formation continue<\/strong> et encore plus! \u2b07\ufe0f<\/p>\n\n\n\n<h3 class=\"wp-block-heading\" id=\"h-des-questions\">Des questions?<\/h3>\n\n\n\n<p>Pour toute question, communique en toute confidentialit\u00e9 avec Me Alexandre Dufresne, pr\u00e9sident-directeur g\u00e9n\u00e9ral du cabinet : <\/p>\n\n\n\n<ul class=\"wp-block-list\">\n<li>Par courriel : <a href=\"mailto:ad@verreaudufresne.com\" type=\"mailto\" id=\"mailto:ad@verreaudufresne.com\">ad@verreaudufresne.com<\/a><\/li>\n\n\n\n<li><a href=\"https:\/\/www.linkedin.com\/in\/alexandre-dufresne-avocat\/\" target=\"_blank\" rel=\"noreferrer noopener\">Via Linkedin<\/a><\/li>\n<\/ul>\n","protected":false},"excerpt":{"rendered":"<p>Deviens l\u2019architecte de notre succ\u00e8s. Ce poste s\u2019adresse \u00e0 un\u00b7e avocat\u00b7e chevronn\u00e9\u00b7e ( d\u2019exp\u00e9rience) pr\u00eat\u00b7e \u00e0 prendre les r\u00eanes de notre d\u00e9partement de litige civil et commercial. \u00c0 la t\u00eate d\u2019une \u00e9quipe en croissance actuellement compos\u00e9e de 6 \u00e0 7 avocat\u00b7es, 3 techniciennes juridiques et 1 adjointe, ton r\u00f4le ne se limitera pas \u00e0 l&#8217;op\u00e9rationnel<a class=\"excerpt-read-more\" href=\"https:\/\/www.verreaudufresneavocats.com\/en\/postes\/avocat-directeur-litige-civil-et-commercial\/\" title=\"ReadAvocat\u00b7e directeur\u00b7rice litige civil et commercial\">&#8230; Read more &raquo;<\/a><\/p>\n","protected":false},"author":7,"parent":0,"template":"","jobtype":[110],"statut":[29],"bureau":[32],"class_list":["post-11280","jobs","type-jobs","status-publish","hentry","jobtype-avocat-responsable-departement1","statut-permanent","bureau-quebec-et-levis"],"acf":[],"yoast_head":"<!-- This site is optimized with the Yoast SEO Premium plugin v27.3 (Yoast SEO v27.5) - https:\/\/yoast.com\/product\/yoast-seo-premium-wordpress\/ -->\n<title>Offre d&#039;emploi &#8226; Avocat\u00b7e directeur\u00b7rice litige civil et commercial &#8226; Verreau Dufresne Avocats<\/title>\n<meta name=\"description\" content=\"R\u00e9alisez avec nous vos objectifs de carri\u00e8re. Joignez-vous \u00e0 un cabinet moderne, ambitieux et en pleine expansion!\" \/>\n<meta name=\"robots\" content=\"index, follow, max-snippet:-1, max-image-preview:large, max-video-preview:-1\" \/>\n<link rel=\"canonical\" href=\"https:\/\/www.verreaudufresneavocats.com\/en\/postes\/avocat-directeur-litige-civil-et-commercial\/\" \/>\n<meta property=\"og:locale\" content=\"en_US\" \/>\n<meta property=\"og:type\" content=\"article\" \/>\n<meta property=\"og:title\" content=\"Offre d&#039;emploi &#8226; Avocat\u00b7e directeur\u00b7rice litige civil et commercial &#8226; Verreau Dufresne Avocats\" \/>\n<meta property=\"og:description\" content=\"R\u00e9alisez avec nous vos objectifs de carri\u00e8re. Joignez-vous \u00e0 un cabinet moderne, ambitieux et en pleine expansion!\" \/>\n<meta property=\"og:url\" content=\"https:\/\/www.verreaudufresneavocats.com\/en\/postes\/avocat-directeur-litige-civil-et-commercial\/\" \/>\n<meta property=\"og:site_name\" content=\"Verreau Dufresne Avocats\" \/>\n<meta property=\"article:publisher\" content=\"https:\/\/www.facebook.com\/verreaudufresneavocats\/\" \/>\n<meta property=\"article:modified_time\" content=\"2026-03-03T15:27:30+00:00\" \/>\n<meta property=\"og:image\" content=\"https:\/\/www.verreaudufresneavocats.com\/wp-content\/uploads\/2025\/07\/Thumbnail-avocat-responsable.png\" \/>\n\t<meta property=\"og:image:width\" content=\"1200\" \/>\n\t<meta property=\"og:image:height\" content=\"630\" \/>\n\t<meta property=\"og:image:type\" content=\"image\/png\" \/>\n<meta name=\"twitter:card\" content=\"summary_large_image\" \/>\n<meta name=\"twitter:title\" content=\"Offre d&#039;emploi &#8226; Avocat\u00b7e directeur\u00b7rice litige civil et commercial &#8226; Verreau Dufresne Avocats\" \/>\n<meta name=\"twitter:description\" content=\"R\u00e9alisez avec nous vos objectifs de carri\u00e8re. Joignez-vous \u00e0 un cabinet moderne, ambitieux et en pleine expansion!\" \/>\n<meta name=\"twitter:image\" content=\"https:\/\/www.verreaudufresneavocats.com\/wp-content\/uploads\/2021\/03\/Carri\u00e8re.jpg\" \/>\n<meta name=\"twitter:site\" content=\"@VerreauDufresne\" \/>\n<meta name=\"twitter:label1\" content=\"Est. reading time\" \/>\n\t<meta name=\"twitter:data1\" content=\"3 minutes\" \/>\n<script type=\"application\/ld+json\" class=\"yoast-schema-graph\">{\"@context\":\"https:\\\/\\\/schema.org\",\"@graph\":[{\"@type\":\"WebPage\",\"@id\":\"https:\\\/\\\/www.verreaudufresneavocats.com\\\/en\\\/postes\\\/avocat-directeur-litige-civil-et-commercial\\\/\",\"url\":\"https:\\\/\\\/www.verreaudufresneavocats.com\\\/en\\\/postes\\\/avocat-directeur-litige-civil-et-commercial\\\/\",\"name\":\"Offre d'emploi &#8226; Avocat\u00b7e directeur\u00b7rice litige civil et commercial &#8226; Verreau Dufresne Avocats\",\"isPartOf\":{\"@id\":\"https:\\\/\\\/www.verreaudufresneavocats.com\\\/en\\\/#website\"},\"datePublished\":\"2025-08-01T16:58:51+00:00\",\"dateModified\":\"2026-03-03T15:27:30+00:00\",\"description\":\"R\u00e9alisez avec nous vos objectifs de carri\u00e8re. Joignez-vous \u00e0 un cabinet moderne, ambitieux et en pleine expansion!\",\"breadcrumb\":{\"@id\":\"https:\\\/\\\/www.verreaudufresneavocats.com\\\/en\\\/postes\\\/avocat-directeur-litige-civil-et-commercial\\\/#breadcrumb\"},\"inLanguage\":\"en-US\",\"potentialAction\":[{\"@type\":\"ReadAction\",\"target\":[\"https:\\\/\\\/www.verreaudufresneavocats.com\\\/en\\\/postes\\\/avocat-directeur-litige-civil-et-commercial\\\/\"]}]},{\"@type\":\"BreadcrumbList\",\"@id\":\"https:\\\/\\\/www.verreaudufresneavocats.com\\\/en\\\/postes\\\/avocat-directeur-litige-civil-et-commercial\\\/#breadcrumb\",\"itemListElement\":[{\"@type\":\"ListItem\",\"position\":1,\"name\":\"Accueil\",\"item\":\"https:\\\/\\\/www.verreaudufresneavocats.com\\\/en\\\/\"},{\"@type\":\"ListItem\",\"position\":2,\"name\":\"Postes\",\"item\":\"https:\\\/\\\/www.verreaudufresneavocats.com\\\/en\\\/postes\\\/\"},{\"@type\":\"ListItem\",\"position\":3,\"name\":\"Avocat\u00b7e directeur\u00b7rice litige civil et commercial\"}]},{\"@type\":\"WebSite\",\"@id\":\"https:\\\/\\\/www.verreaudufresneavocats.com\\\/en\\\/#website\",\"url\":\"https:\\\/\\\/www.verreaudufresneavocats.com\\\/en\\\/\",\"name\":\"Verreau Dufresne Avocats\",\"description\":\"Qu\u00e9bec, L\u00e9vis et Montmagny\",\"publisher\":{\"@id\":\"https:\\\/\\\/www.verreaudufresneavocats.com\\\/en\\\/#organization\"},\"potentialAction\":[{\"@type\":\"SearchAction\",\"target\":{\"@type\":\"EntryPoint\",\"urlTemplate\":\"https:\\\/\\\/www.verreaudufresneavocats.com\\\/en\\\/?s={search_term_string}\"},\"query-input\":{\"@type\":\"PropertyValueSpecification\",\"valueRequired\":true,\"valueName\":\"search_term_string\"}}],\"inLanguage\":\"en-US\"},{\"@type\":\"Organization\",\"@id\":\"https:\\\/\\\/www.verreaudufresneavocats.com\\\/en\\\/#organization\",\"name\":\"Verreau Dufresne Avocats\",\"url\":\"https:\\\/\\\/www.verreaudufresneavocats.com\\\/en\\\/\",\"logo\":{\"@type\":\"ImageObject\",\"inLanguage\":\"en-US\",\"@id\":\"https:\\\/\\\/www.verreaudufresneavocats.com\\\/en\\\/#\\\/schema\\\/logo\\\/image\\\/\",\"url\":\"https:\\\/\\\/www.verreaudufresneavocats.com\\\/wp-content\\\/uploads\\\/2025\\\/07\\\/VDA_Logo_2025_2.svg\",\"contentUrl\":\"https:\\\/\\\/www.verreaudufresneavocats.com\\\/wp-content\\\/uploads\\\/2025\\\/07\\\/VDA_Logo_2025_2.svg\",\"caption\":\"Verreau Dufresne Avocats\"},\"image\":{\"@id\":\"https:\\\/\\\/www.verreaudufresneavocats.com\\\/en\\\/#\\\/schema\\\/logo\\\/image\\\/\"},\"sameAs\":[\"https:\\\/\\\/www.facebook.com\\\/verreaudufresneavocats\\\/\",\"https:\\\/\\\/x.com\\\/VerreauDufresne\",\"https:\\\/\\\/www.linkedin.com\\\/company\\\/3542179\\\/\",\"https:\\\/\\\/www.instagram.com\\\/verreaudufresne_avocats\\\/\"]}]}<\/script>\n<!-- \/ Yoast SEO Premium plugin. -->","yoast_head_json":{"title":"Offre d'emploi &#8226; Avocat\u00b7e directeur\u00b7rice litige civil et commercial &#8226; Verreau Dufresne Avocats","description":"R\u00e9alisez avec nous vos objectifs de carri\u00e8re. Joignez-vous \u00e0 un cabinet moderne, ambitieux et en pleine expansion!","robots":{"index":"index","follow":"follow","max-snippet":"max-snippet:-1","max-image-preview":"max-image-preview:large","max-video-preview":"max-video-preview:-1"},"canonical":"https:\/\/www.verreaudufresneavocats.com\/en\/postes\/avocat-directeur-litige-civil-et-commercial\/","og_locale":"en_US","og_type":"article","og_title":"Offre d'emploi &#8226; Avocat\u00b7e directeur\u00b7rice litige civil et commercial &#8226; Verreau Dufresne Avocats","og_description":"R\u00e9alisez avec nous vos objectifs de carri\u00e8re. Joignez-vous \u00e0 un cabinet moderne, ambitieux et en pleine expansion!","og_url":"https:\/\/www.verreaudufresneavocats.com\/en\/postes\/avocat-directeur-litige-civil-et-commercial\/","og_site_name":"Verreau Dufresne Avocats","article_publisher":"https:\/\/www.facebook.com\/verreaudufresneavocats\/","article_modified_time":"2026-03-03T15:27:30+00:00","og_image":[{"width":1200,"height":630,"url":"https:\/\/www.verreaudufresneavocats.com\/wp-content\/uploads\/2025\/07\/Thumbnail-avocat-responsable.png","type":"image\/png"}],"twitter_card":"summary_large_image","twitter_title":"Offre d'emploi &#8226; Avocat\u00b7e directeur\u00b7rice litige civil et commercial &#8226; Verreau Dufresne Avocats","twitter_description":"R\u00e9alisez avec nous vos objectifs de carri\u00e8re. Joignez-vous \u00e0 un cabinet moderne, ambitieux et en pleine expansion!","twitter_image":"https:\/\/www.verreaudufresneavocats.com\/wp-content\/uploads\/2021\/03\/Carri\u00e8re.jpg","twitter_site":"@VerreauDufresne","twitter_misc":{"Est. reading time":"3 minutes"},"schema":{"@context":"https:\/\/schema.org","@graph":[{"@type":"WebPage","@id":"https:\/\/www.verreaudufresneavocats.com\/en\/postes\/avocat-directeur-litige-civil-et-commercial\/","url":"https:\/\/www.verreaudufresneavocats.com\/en\/postes\/avocat-directeur-litige-civil-et-commercial\/","name":"Offre d'emploi &#8226; Avocat\u00b7e directeur\u00b7rice litige civil et commercial &#8226; Verreau Dufresne Avocats","isPartOf":{"@id":"https:\/\/www.verreaudufresneavocats.com\/en\/#website"},"datePublished":"2025-08-01T16:58:51+00:00","dateModified":"2026-03-03T15:27:30+00:00","description":"R\u00e9alisez avec nous vos objectifs de carri\u00e8re. Joignez-vous \u00e0 un cabinet moderne, ambitieux et en pleine expansion!","breadcrumb":{"@id":"https:\/\/www.verreaudufresneavocats.com\/en\/postes\/avocat-directeur-litige-civil-et-commercial\/#breadcrumb"},"inLanguage":"en-US","potentialAction":[{"@type":"ReadAction","target":["https:\/\/www.verreaudufresneavocats.com\/en\/postes\/avocat-directeur-litige-civil-et-commercial\/"]}]},{"@type":"BreadcrumbList","@id":"https:\/\/www.verreaudufresneavocats.com\/en\/postes\/avocat-directeur-litige-civil-et-commercial\/#breadcrumb","itemListElement":[{"@type":"ListItem","position":1,"name":"Accueil","item":"https:\/\/www.verreaudufresneavocats.com\/en\/"},{"@type":"ListItem","position":2,"name":"Postes","item":"https:\/\/www.verreaudufresneavocats.com\/en\/postes\/"},{"@type":"ListItem","position":3,"name":"Avocat\u00b7e directeur\u00b7rice litige civil et commercial"}]},{"@type":"WebSite","@id":"https:\/\/www.verreaudufresneavocats.com\/en\/#website","url":"https:\/\/www.verreaudufresneavocats.com\/en\/","name":"Verreau Dufresne Avocats","description":"Qu\u00e9bec, L\u00e9vis et Montmagny","publisher":{"@id":"https:\/\/www.verreaudufresneavocats.com\/en\/#organization"},"potentialAction":[{"@type":"SearchAction","target":{"@type":"EntryPoint","urlTemplate":"https:\/\/www.verreaudufresneavocats.com\/en\/?s={search_term_string}"},"query-input":{"@type":"PropertyValueSpecification","valueRequired":true,"valueName":"search_term_string"}}],"inLanguage":"en-US"},{"@type":"Organization","@id":"https:\/\/www.verreaudufresneavocats.com\/en\/#organization","name":"Verreau Dufresne Avocats","url":"https:\/\/www.verreaudufresneavocats.com\/en\/","logo":{"@type":"ImageObject","inLanguage":"en-US","@id":"https:\/\/www.verreaudufresneavocats.com\/en\/#\/schema\/logo\/image\/","url":"https:\/\/www.verreaudufresneavocats.com\/wp-content\/uploads\/2025\/07\/VDA_Logo_2025_2.svg","contentUrl":"https:\/\/www.verreaudufresneavocats.com\/wp-content\/uploads\/2025\/07\/VDA_Logo_2025_2.svg","caption":"Verreau Dufresne Avocats"},"image":{"@id":"https:\/\/www.verreaudufresneavocats.com\/en\/#\/schema\/logo\/image\/"},"sameAs":["https:\/\/www.facebook.com\/verreaudufresneavocats\/","https:\/\/x.com\/VerreauDufresne","https:\/\/www.linkedin.com\/company\/3542179\/","https:\/\/www.instagram.com\/verreaudufresne_avocats\/"]}]}},"featured_img":false,"coauthors":[],"author_meta":{"author_link":"https:\/\/www.verreaudufresneavocats.com\/en\/equipe\/verreau-dufresne-avocats\/","display_name":"Verreau Dufresne Avocats"},"relative_dates":{"created":"Posted 9 months ago","modified":"Updated 2 months ago"},"absolute_dates":{"created":"Posted on 1 August 2025","modified":"Updated on 3 March 2026"},"absolute_dates_time":{"created":"Posted on 1 August 2025 12:58","modified":"Updated on 3 March 2026 10:27"},"featured_img_caption":"","tax_additional":{"jobtype":{"linked":["<a href=\"https:\/\/www.verreaudufresneavocats.com\/en\/jobtype\/avocat-responsable-departement1\/\" class=\"advgb-post-tax-term\">Avocat responsable d\u00e9partement (temporaire)<\/a>"],"unlinked":["<span class=\"advgb-post-tax-term\">Avocat responsable d\u00e9partement (temporaire)<\/span>"],"slug":"jobtype","name":"Types"},"statut":{"linked":["<a href=\"https:\/\/www.verreaudufresneavocats.com\/en\/statut\/permanent\/\" class=\"advgb-post-tax-term\">Permanent<\/a>"],"unlinked":["<span class=\"advgb-post-tax-term\">Permanent<\/span>"],"slug":"statut","name":"Statuts"},"bureau":{"linked":["<a href=\"https:\/\/www.verreaudufresneavocats.com\/en\/bureau\/quebec-et-levis\/\" class=\"advgb-post-tax-term\">Qu\u00e9bec et L\u00e9vis<\/a>"],"unlinked":["<span class=\"advgb-post-tax-term\">Qu\u00e9bec et L\u00e9vis<\/span>"],"slug":"bureau","name":"Bureaux"}},"series_order":"","_links":{"self":[{"href":"https:\/\/www.verreaudufresneavocats.com\/en\/wp-json\/wp\/v2\/jobs\/11280","targetHints":{"allow":["GET"]}}],"collection":[{"href":"https:\/\/www.verreaudufresneavocats.com\/en\/wp-json\/wp\/v2\/jobs"}],"about":[{"href":"https:\/\/www.verreaudufresneavocats.com\/en\/wp-json\/wp\/v2\/types\/jobs"}],"wp:attachment":[{"href":"https:\/\/www.verreaudufresneavocats.com\/en\/wp-json\/wp\/v2\/media?parent=11280"}],"wp:term":[{"taxonomy":"jobtype","embeddable":true,"href":"https:\/\/www.verreaudufresneavocats.com\/en\/wp-json\/wp\/v2\/jobtype?post=11280"},{"taxonomy":"statut","embeddable":true,"href":"https:\/\/www.verreaudufresneavocats.com\/en\/wp-json\/wp\/v2\/statut?post=11280"},{"taxonomy":"bureau","embeddable":true,"href":"https:\/\/www.verreaudufresneavocats.com\/en\/wp-json\/wp\/v2\/bureau?post=11280"}],"curies":[{"name":"wp","href":"https:\/\/api.w.org\/{rel}","templated":true}]}}