{"id":12610,"date":"2025-10-16T11:11:47","date_gmt":"2025-10-16T15:11:47","guid":{"rendered":"https:\/\/www.verreaudufresneavocats.com\/?post_type=jobs&#038;p=12610"},"modified":"2026-03-03T10:21:45","modified_gmt":"2026-03-03T15:21:45","slug":"receptionniste-service-vente","status":"publish","type":"jobs","link":"https:\/\/www.verreaudufresneavocats.com\/en\/postes\/receptionniste-service-vente\/","title":{"rendered":"R\u00e9ceptionniste &#8211; service et vente"},"content":{"rendered":"\n<h3 class=\"wp-block-heading\" id=\"h-ta-mission\">Ta mission<\/h3>\n\n\n\n<p><span style=\"font-weight: 400;\">\u00c0 titre de <strong>r\u00e9ceptionniste &#8211;<\/strong> <strong>service et vente <\/strong>chez Verreau Dufresne Avocats, tu seras le premier point de contact pour nos clients, tant au t\u00e9l\u00e9phone qu\u2019en personne, et tu contribueras \u00e0 assurer une exp\u00e9rience client professionnelle, efficace et humaine. Ton r\u00f4le comprend \u00e0 la fois des responsabilit\u00e9s en service \u00e0 la client\u00e8le, en orientation de nos services et en soutien administratif.<\/span><\/p>\n\n\n\n<p>Plus pr\u00e9cis\u00e9ment, <span style=\"font-weight: 400;\">voici les responsabilit\u00e9s qui t&#8217;attendent<\/span> : <\/p>\n\n\n\n<p><strong>Service-client et r\u00e9ception<\/strong><\/p>\n\n\n\n<ul class=\"wp-block-list\">\n<li><span style=\"font-weight: 400;\">G\u00e9rer les appels t\u00e9l\u00e9phoniques entrants ;<\/span><\/li>\n\n\n\n<li><span style=\"font-weight: 400;\">Traiter la bo\u00eete courriel d\u2019informations g\u00e9n\u00e9rales ;<\/span><\/li>\n\n\n\n<li><span style=\"font-weight: 400;\">Assurer la r\u00e9servation et pr\u00e9paration des salles de conf\u00e9rence ;<\/span><\/li>\n\n\n\n<li><span style=\"font-weight: 400;\">Accueillir les clients en personne ;<\/span><\/li>\n\n\n\n<li>Proc\u00e9der \u00e0 la remise de documents aux clients<span style=\"font-weight: 400;\"> ;<\/span><\/li>\n\n\n\n<li><span style=\"font-weight: 400;\">Recevoir les paiements de clients au comptoir ;<\/span><\/li>\n\n\n\n<li><span style=\"font-weight: 400;\">Faire la gestion du courrier interne et externe.<\/span><\/li>\n<\/ul>\n\n\n\n<p><strong>Vente et orientation-client<\/strong><\/p>\n\n\n\n<ul class=\"wp-block-list\">\n<li>Prioriser et traiter les demandes entrantes ;<\/li>\n\n\n\n<li>Mener une courte analyse structur\u00e9e du besoin ;<\/li>\n\n\n\n<li>Diriger le client potentiel vers le bon champ de pratique et\/ou le bon avocat selon la nature du mandat ;<\/li>\n\n\n\n<li>Pr\u00e9senter l\u2019offre de services du cabinet de mani\u00e8re professionnelle et conforme aux normes ;<\/li>\n\n\n\n<li>Documenter rigoureusement les informations au dossier ;<\/li>\n\n\n\n<li>Effectuer les confirmations des rencontres initiales ;<\/li>\n<\/ul>\n\n\n\n<p><strong>Autres t\u00e2ches<\/strong> <strong>connexes<\/strong><\/p>\n\n\n\n<ul class=\"wp-block-list\">\n<li><span style=\"font-weight: 400;\">Assurer un service de reprographie, de num\u00e9risation et de pr\u00e9paration de documents ;<\/span><\/li>\n\n\n\n<li><span style=\"font-weight: 400;\">Suivre l&#8217;inventaire des fournitures et faire les achats n\u00e9cessaires ;<\/span><\/li>\n\n\n\n<li>Assurer la bonne gestion des bureaux physiques ;<\/li>\n\n\n\n<li>Assister dans l&#8217;ouverture, la fermeture, le classement et l&#8217;archivage des dossiers-clients ;<\/li>\n\n\n\n<li>Ex\u00e9cuter des t\u00e2ches administratives diverses.<\/li>\n<\/ul>\n\n\n\n<h3 class=\"wp-block-heading\" id=\"h-formation-experience-et-aptitudes-requises\">Formation, exp\u00e9rience et aptitudes requises<\/h3>\n\n\n\n<p><span style=\"font-weight: 400;\">Notre coll\u00e8gue id\u00e9al\u00b7e<\/span> :<\/p>\n\n\n\n<ul class=\"wp-block-list\">\n<li class=\"advgb-dyn-584c6392\">Poss\u00e8de <strong><strong>3 ans ou +<\/strong><\/strong> <strong>d&#8217;exp\u00e9rience<\/strong> en service \u00e0 la client\u00e8le et\/ou \u00e0 titre d&#8217;adjoint\u00b7e, secr\u00e9taire ou r\u00e9ceptionniste ou <strong>1 an d&#8217;exp\u00e9rience<\/strong> dans un cabinet d&#8217;avocats ;<\/li>\n\n\n\n<li><span style=\"font-weight: 400;\">Est \u00e0 l\u2019aise avec le contact en personne, au t\u00e9l\u00e9phone et par courriel ;<\/span><\/li>\n\n\n\n<li>A<span style=\"font-weight: 400;\"> \u00e0 c\u0153ur d&#8217;offrir un service \u00e0 la client\u00e8le impeccable<\/span> ;<\/li>\n\n\n\n<li><span style=\"font-weight: 400;\">Est polyvalent\u00b7e et est en mesure d\u2019ex\u00e9cuter plusieurs t\u00e2ches \u00e0 la fois ;<\/span><\/li>\n\n\n\n<li>A de bonnes comp\u00e9tences organisationnelles ;<\/li>\n\n\n\n<li>A une bonne communication et aime le travail d&#8217;\u00e9quipe ;<\/li>\n\n\n\n<li><span style=\"font-weight: 400;\">Est d\u00e9brouillard\u00b7e et \u00e0 la recherche d&#8217;autonomie ;<\/span><\/li>\n\n\n\n<li>Est transparent\u00b7e et a une attitude positive et mobilisante ;<\/li>\n\n\n\n<li>(Un atout) A une certaine connaissance du domaine juridique.<\/li>\n<\/ul>\n\n\n\n<h3 class=\"wp-block-heading\" id=\"remuneration\">Ta r\u00e9mun\u00e9ration<\/h3>\n\n\n\n<p class=\"advgb-dyn-42c4dad9\">En plus des nombreux autres avantages list\u00e9s ci-dessous, tu b\u00e9n\u00e9ficieras, en fonction de ton exp\u00e9rience et de tes comp\u00e9tences, d\u2019un salaire horaire <strong>\u00e0&nbsp;partir&nbsp;de 24,35&nbsp;$\/h<\/strong>.<\/p>\n\n\n\n<p>Continue ta lecture pour d\u00e9couvrir tous nos\u00a0<strong>autres avantages, incluant REER, assurance collective, formation continue<\/strong>\u00a0et encore plus! \u2b07\ufe0f<\/p>\n","protected":false},"excerpt":{"rendered":"<p>Ta mission \u00c0 titre de r\u00e9ceptionniste &#8211; service et vente chez Verreau Dufresne Avocats, tu seras le premier point de contact pour nos clients, tant au t\u00e9l\u00e9phone qu\u2019en personne, et tu contribueras \u00e0 assurer une exp\u00e9rience client professionnelle, efficace et humaine. Ton r\u00f4le comprend \u00e0 la fois des responsabilit\u00e9s en service \u00e0 la client\u00e8le, en<a class=\"excerpt-read-more\" href=\"https:\/\/www.verreaudufresneavocats.com\/en\/postes\/receptionniste-service-vente\/\" title=\"ReadR\u00e9ceptionniste &#8211; service et vente\">&#8230; Read more &raquo;<\/a><\/p>\n","protected":false},"author":7,"parent":0,"template":"","jobtype":[69],"statut":[29],"bureau":[30],"class_list":["post-12610","jobs","type-jobs","status-publish","hentry","jobtype-adjoint-administratif-receptionniste","statut-permanent","bureau-levis"],"acf":[],"yoast_head":"<!-- This site is optimized with the Yoast SEO Premium plugin v27.3 (Yoast SEO v27.5) - https:\/\/yoast.com\/product\/yoast-seo-premium-wordpress\/ -->\n<title>Offre d&#039;emploi &#8226; R\u00e9ceptionniste - service et vente &#8226; Verreau Dufresne Avocats<\/title>\n<meta name=\"description\" content=\"R\u00e9alise avec nous tes objectifs de carri\u00e8re. Joins-toi \u00e0 un cabinet moderne, ambitieux et en pleine expansion!\" \/>\n<meta name=\"robots\" content=\"index, follow, max-snippet:-1, max-image-preview:large, max-video-preview:-1\" \/>\n<link rel=\"canonical\" href=\"https:\/\/www.verreaudufresneavocats.com\/en\/postes\/receptionniste-service-vente\/\" \/>\n<meta property=\"og:locale\" content=\"en_US\" \/>\n<meta property=\"og:type\" content=\"article\" \/>\n<meta property=\"og:title\" content=\"Offre d&#039;emploi &#8226; R\u00e9ceptionniste - service et vente &#8226; Verreau Dufresne Avocats\" \/>\n<meta property=\"og:description\" content=\"R\u00e9alisez avec nous vos objectifs de carri\u00e8re. Joignez-vous \u00e0 un cabinet moderne, ambitieux et en pleine expansion!\" \/>\n<meta property=\"og:url\" content=\"https:\/\/www.verreaudufresneavocats.com\/en\/postes\/receptionniste-service-vente\/\" \/>\n<meta property=\"og:site_name\" content=\"Verreau Dufresne Avocats\" \/>\n<meta property=\"article:publisher\" content=\"https:\/\/www.facebook.com\/verreaudufresneavocats\/\" \/>\n<meta property=\"article:modified_time\" content=\"2026-03-03T15:21:45+00:00\" \/>\n<meta property=\"og:image\" content=\"https:\/\/www.verreaudufresneavocats.com\/wp-content\/uploads\/2021\/03\/Carri\u00e8re.jpg\" \/>\n\t<meta property=\"og:image:width\" content=\"1920\" \/>\n\t<meta property=\"og:image:height\" content=\"1080\" \/>\n\t<meta property=\"og:image:type\" content=\"image\/jpeg\" \/>\n<meta name=\"twitter:card\" content=\"summary_large_image\" \/>\n<meta name=\"twitter:title\" content=\"Offre d&#039;emploi &#8226; R\u00e9ceptionniste - service et vente &#8226; Verreau Dufresne Avocats\" \/>\n<meta name=\"twitter:description\" content=\"R\u00e9alisez avec nous vos objectifs de carri\u00e8re. Joignez-vous \u00e0 un cabinet moderne, ambitieux et en pleine expansion!\" \/>\n<meta name=\"twitter:image\" content=\"https:\/\/www.verreaudufresneavocats.com\/wp-content\/uploads\/2021\/03\/Carri\u00e8re.jpg\" \/>\n<meta name=\"twitter:site\" content=\"@VerreauDufresne\" \/>\n<meta name=\"twitter:label1\" content=\"Est. reading time\" \/>\n\t<meta name=\"twitter:data1\" content=\"2 minutes\" \/>\n<script type=\"application\/ld+json\" class=\"yoast-schema-graph\">{\"@context\":\"https:\\\/\\\/schema.org\",\"@graph\":[{\"@type\":\"WebPage\",\"@id\":\"https:\\\/\\\/www.verreaudufresneavocats.com\\\/en\\\/postes\\\/receptionniste-service-vente\\\/\",\"url\":\"https:\\\/\\\/www.verreaudufresneavocats.com\\\/en\\\/postes\\\/receptionniste-service-vente\\\/\",\"name\":\"Offre d'emploi &#8226; R\u00e9ceptionniste - service et vente &#8226; Verreau Dufresne Avocats\",\"isPartOf\":{\"@id\":\"https:\\\/\\\/www.verreaudufresneavocats.com\\\/en\\\/#website\"},\"datePublished\":\"2025-10-16T15:11:47+00:00\",\"dateModified\":\"2026-03-03T15:21:45+00:00\",\"description\":\"R\u00e9alise avec nous tes objectifs de carri\u00e8re. Joins-toi \u00e0 un cabinet moderne, ambitieux et en pleine expansion!\",\"breadcrumb\":{\"@id\":\"https:\\\/\\\/www.verreaudufresneavocats.com\\\/en\\\/postes\\\/receptionniste-service-vente\\\/#breadcrumb\"},\"inLanguage\":\"en-US\",\"potentialAction\":[{\"@type\":\"ReadAction\",\"target\":[\"https:\\\/\\\/www.verreaudufresneavocats.com\\\/en\\\/postes\\\/receptionniste-service-vente\\\/\"]}]},{\"@type\":\"BreadcrumbList\",\"@id\":\"https:\\\/\\\/www.verreaudufresneavocats.com\\\/en\\\/postes\\\/receptionniste-service-vente\\\/#breadcrumb\",\"itemListElement\":[{\"@type\":\"ListItem\",\"position\":1,\"name\":\"Accueil\",\"item\":\"https:\\\/\\\/www.verreaudufresneavocats.com\\\/en\\\/\"},{\"@type\":\"ListItem\",\"position\":2,\"name\":\"Postes\",\"item\":\"https:\\\/\\\/www.verreaudufresneavocats.com\\\/en\\\/postes\\\/\"},{\"@type\":\"ListItem\",\"position\":3,\"name\":\"R\u00e9ceptionniste &#8211; service et vente\"}]},{\"@type\":\"WebSite\",\"@id\":\"https:\\\/\\\/www.verreaudufresneavocats.com\\\/en\\\/#website\",\"url\":\"https:\\\/\\\/www.verreaudufresneavocats.com\\\/en\\\/\",\"name\":\"Verreau Dufresne Avocats\",\"description\":\"Qu\u00e9bec, L\u00e9vis et Montmagny\",\"publisher\":{\"@id\":\"https:\\\/\\\/www.verreaudufresneavocats.com\\\/en\\\/#organization\"},\"potentialAction\":[{\"@type\":\"SearchAction\",\"target\":{\"@type\":\"EntryPoint\",\"urlTemplate\":\"https:\\\/\\\/www.verreaudufresneavocats.com\\\/en\\\/?s={search_term_string}\"},\"query-input\":{\"@type\":\"PropertyValueSpecification\",\"valueRequired\":true,\"valueName\":\"search_term_string\"}}],\"inLanguage\":\"en-US\"},{\"@type\":\"Organization\",\"@id\":\"https:\\\/\\\/www.verreaudufresneavocats.com\\\/en\\\/#organization\",\"name\":\"Verreau Dufresne Avocats\",\"url\":\"https:\\\/\\\/www.verreaudufresneavocats.com\\\/en\\\/\",\"logo\":{\"@type\":\"ImageObject\",\"inLanguage\":\"en-US\",\"@id\":\"https:\\\/\\\/www.verreaudufresneavocats.com\\\/en\\\/#\\\/schema\\\/logo\\\/image\\\/\",\"url\":\"https:\\\/\\\/www.verreaudufresneavocats.com\\\/wp-content\\\/uploads\\\/2025\\\/07\\\/VDA_Logo_2025_2.svg\",\"contentUrl\":\"https:\\\/\\\/www.verreaudufresneavocats.com\\\/wp-content\\\/uploads\\\/2025\\\/07\\\/VDA_Logo_2025_2.svg\",\"caption\":\"Verreau Dufresne Avocats\"},\"image\":{\"@id\":\"https:\\\/\\\/www.verreaudufresneavocats.com\\\/en\\\/#\\\/schema\\\/logo\\\/image\\\/\"},\"sameAs\":[\"https:\\\/\\\/www.facebook.com\\\/verreaudufresneavocats\\\/\",\"https:\\\/\\\/x.com\\\/VerreauDufresne\",\"https:\\\/\\\/www.linkedin.com\\\/company\\\/3542179\\\/\",\"https:\\\/\\\/www.instagram.com\\\/verreaudufresne_avocats\\\/\"]}]}<\/script>\n<!-- \/ Yoast SEO Premium plugin. -->","yoast_head_json":{"title":"Offre d'emploi &#8226; R\u00e9ceptionniste - service et vente &#8226; Verreau Dufresne Avocats","description":"R\u00e9alise avec nous tes objectifs de carri\u00e8re. Joins-toi \u00e0 un cabinet moderne, ambitieux et en pleine expansion!","robots":{"index":"index","follow":"follow","max-snippet":"max-snippet:-1","max-image-preview":"max-image-preview:large","max-video-preview":"max-video-preview:-1"},"canonical":"https:\/\/www.verreaudufresneavocats.com\/en\/postes\/receptionniste-service-vente\/","og_locale":"en_US","og_type":"article","og_title":"Offre d'emploi &#8226; R\u00e9ceptionniste - service et vente &#8226; Verreau Dufresne Avocats","og_description":"R\u00e9alisez avec nous vos objectifs de carri\u00e8re. Joignez-vous \u00e0 un cabinet moderne, ambitieux et en pleine expansion!","og_url":"https:\/\/www.verreaudufresneavocats.com\/en\/postes\/receptionniste-service-vente\/","og_site_name":"Verreau Dufresne Avocats","article_publisher":"https:\/\/www.facebook.com\/verreaudufresneavocats\/","article_modified_time":"2026-03-03T15:21:45+00:00","og_image":[{"width":1920,"height":1080,"url":"https:\/\/www.verreaudufresneavocats.com\/wp-content\/uploads\/2021\/03\/Carri\u00e8re.jpg","type":"image\/jpeg"}],"twitter_card":"summary_large_image","twitter_title":"Offre d'emploi &#8226; R\u00e9ceptionniste - service et vente &#8226; Verreau Dufresne Avocats","twitter_description":"R\u00e9alisez avec nous vos objectifs de carri\u00e8re. Joignez-vous \u00e0 un cabinet moderne, ambitieux et en pleine expansion!","twitter_image":"https:\/\/www.verreaudufresneavocats.com\/wp-content\/uploads\/2021\/03\/Carri\u00e8re.jpg","twitter_site":"@VerreauDufresne","twitter_misc":{"Est. reading time":"2 minutes"},"schema":{"@context":"https:\/\/schema.org","@graph":[{"@type":"WebPage","@id":"https:\/\/www.verreaudufresneavocats.com\/en\/postes\/receptionniste-service-vente\/","url":"https:\/\/www.verreaudufresneavocats.com\/en\/postes\/receptionniste-service-vente\/","name":"Offre d'emploi &#8226; R\u00e9ceptionniste - service et vente &#8226; Verreau Dufresne Avocats","isPartOf":{"@id":"https:\/\/www.verreaudufresneavocats.com\/en\/#website"},"datePublished":"2025-10-16T15:11:47+00:00","dateModified":"2026-03-03T15:21:45+00:00","description":"R\u00e9alise avec nous tes objectifs de carri\u00e8re. Joins-toi \u00e0 un cabinet moderne, ambitieux et en pleine expansion!","breadcrumb":{"@id":"https:\/\/www.verreaudufresneavocats.com\/en\/postes\/receptionniste-service-vente\/#breadcrumb"},"inLanguage":"en-US","potentialAction":[{"@type":"ReadAction","target":["https:\/\/www.verreaudufresneavocats.com\/en\/postes\/receptionniste-service-vente\/"]}]},{"@type":"BreadcrumbList","@id":"https:\/\/www.verreaudufresneavocats.com\/en\/postes\/receptionniste-service-vente\/#breadcrumb","itemListElement":[{"@type":"ListItem","position":1,"name":"Accueil","item":"https:\/\/www.verreaudufresneavocats.com\/en\/"},{"@type":"ListItem","position":2,"name":"Postes","item":"https:\/\/www.verreaudufresneavocats.com\/en\/postes\/"},{"@type":"ListItem","position":3,"name":"R\u00e9ceptionniste &#8211; service et vente"}]},{"@type":"WebSite","@id":"https:\/\/www.verreaudufresneavocats.com\/en\/#website","url":"https:\/\/www.verreaudufresneavocats.com\/en\/","name":"Verreau Dufresne Avocats","description":"Qu\u00e9bec, L\u00e9vis et Montmagny","publisher":{"@id":"https:\/\/www.verreaudufresneavocats.com\/en\/#organization"},"potentialAction":[{"@type":"SearchAction","target":{"@type":"EntryPoint","urlTemplate":"https:\/\/www.verreaudufresneavocats.com\/en\/?s={search_term_string}"},"query-input":{"@type":"PropertyValueSpecification","valueRequired":true,"valueName":"search_term_string"}}],"inLanguage":"en-US"},{"@type":"Organization","@id":"https:\/\/www.verreaudufresneavocats.com\/en\/#organization","name":"Verreau Dufresne Avocats","url":"https:\/\/www.verreaudufresneavocats.com\/en\/","logo":{"@type":"ImageObject","inLanguage":"en-US","@id":"https:\/\/www.verreaudufresneavocats.com\/en\/#\/schema\/logo\/image\/","url":"https:\/\/www.verreaudufresneavocats.com\/wp-content\/uploads\/2025\/07\/VDA_Logo_2025_2.svg","contentUrl":"https:\/\/www.verreaudufresneavocats.com\/wp-content\/uploads\/2025\/07\/VDA_Logo_2025_2.svg","caption":"Verreau Dufresne Avocats"},"image":{"@id":"https:\/\/www.verreaudufresneavocats.com\/en\/#\/schema\/logo\/image\/"},"sameAs":["https:\/\/www.facebook.com\/verreaudufresneavocats\/","https:\/\/x.com\/VerreauDufresne","https:\/\/www.linkedin.com\/company\/3542179\/","https:\/\/www.instagram.com\/verreaudufresne_avocats\/"]}]}},"featured_img":false,"coauthors":[],"author_meta":{"author_link":"https:\/\/www.verreaudufresneavocats.com\/en\/equipe\/verreau-dufresne-avocats\/","display_name":"Verreau Dufresne Avocats"},"relative_dates":{"created":"Posted 7 months ago","modified":"Updated 2 months ago"},"absolute_dates":{"created":"Posted on 16 October 2025","modified":"Updated on 3 March 2026"},"absolute_dates_time":{"created":"Posted on 16 October 2025 11:11","modified":"Updated on 3 March 2026 10:21"},"featured_img_caption":"","tax_additional":{"jobtype":{"linked":["<a href=\"https:\/\/www.verreaudufresneavocats.com\/en\/jobtype\/adjoint-administratif-receptionniste\/\" class=\"advgb-post-tax-term\">Adjoints administratifs \/ r\u00e9ceptionnistes<\/a>"],"unlinked":["<span class=\"advgb-post-tax-term\">Adjoints administratifs \/ r\u00e9ceptionnistes<\/span>"],"slug":"jobtype","name":"Types"},"statut":{"linked":["<a href=\"https:\/\/www.verreaudufresneavocats.com\/en\/statut\/permanent\/\" class=\"advgb-post-tax-term\">Permanent<\/a>"],"unlinked":["<span class=\"advgb-post-tax-term\">Permanent<\/span>"],"slug":"statut","name":"Statuts"},"bureau":{"linked":["<a href=\"https:\/\/www.verreaudufresneavocats.com\/en\/bureau\/levis\/\" class=\"advgb-post-tax-term\">L\u00e9vis<\/a>"],"unlinked":["<span class=\"advgb-post-tax-term\">L\u00e9vis<\/span>"],"slug":"bureau","name":"Bureaux"}},"series_order":"","_links":{"self":[{"href":"https:\/\/www.verreaudufresneavocats.com\/en\/wp-json\/wp\/v2\/jobs\/12610","targetHints":{"allow":["GET"]}}],"collection":[{"href":"https:\/\/www.verreaudufresneavocats.com\/en\/wp-json\/wp\/v2\/jobs"}],"about":[{"href":"https:\/\/www.verreaudufresneavocats.com\/en\/wp-json\/wp\/v2\/types\/jobs"}],"wp:attachment":[{"href":"https:\/\/www.verreaudufresneavocats.com\/en\/wp-json\/wp\/v2\/media?parent=12610"}],"wp:term":[{"taxonomy":"jobtype","embeddable":true,"href":"https:\/\/www.verreaudufresneavocats.com\/en\/wp-json\/wp\/v2\/jobtype?post=12610"},{"taxonomy":"statut","embeddable":true,"href":"https:\/\/www.verreaudufresneavocats.com\/en\/wp-json\/wp\/v2\/statut?post=12610"},{"taxonomy":"bureau","embeddable":true,"href":"https:\/\/www.verreaudufresneavocats.com\/en\/wp-json\/wp\/v2\/bureau?post=12610"}],"curies":[{"name":"wp","href":"https:\/\/api.w.org\/{rel}","templated":true}]}}